{"id":807,"date":"2022-09-18T18:43:40","date_gmt":"2022-09-18T16:43:40","guid":{"rendered":"https:\/\/localhost\/solilawi\/?page_id=807"},"modified":"2022-11-13T17:45:29","modified_gmt":"2022-11-13T16:45:29","slug":"der-monatliche-beitrag","status":"publish","type":"page","link":"https:\/\/www.solidarischer-hof-wybelsum.de\/?page_id=807","title":{"rendered":"Der monatliche Beitrag"},"content":{"rendered":"\t\t<div data-elementor-type=\"wp-page\" data-elementor-id=\"807\" class=\"elementor elementor-807\">\n\t\t\t\t\t\t\t\t\t<section class=\"elementor-section elementor-top-section elementor-element elementor-element-4fd126b9 elementor-section-boxed elementor-section-height-default elementor-section-height-default\" data-id=\"4fd126b9\" data-element_type=\"section\">\n\t\t\t\t\t\t<div class=\"elementor-container elementor-column-gap-default\">\n\t\t\t\t\t<div class=\"elementor-column elementor-col-100 elementor-top-column elementor-element elementor-element-37460e99\" data-id=\"37460e99\" data-element_type=\"column\">\n\t\t\t<div class=\"elementor-widget-wrap elementor-element-populated\">\n\t\t\t\t\t\t\t\t<div class=\"elementor-element elementor-element-10838f18 elementor-widget elementor-widget-text-editor\" data-id=\"10838f18\" data-element_type=\"widget\" data-widget_type=\"text-editor.default\">\n\t\t\t\t<div class=\"elementor-widget-container\">\n\t\t\t<style>\/*! elementor - v3.16.0 - 09-10-2023 *\/\n.elementor-widget-text-editor.elementor-drop-cap-view-stacked .elementor-drop-cap{background-color:#69727d;color:#fff}.elementor-widget-text-editor.elementor-drop-cap-view-framed .elementor-drop-cap{color:#69727d;border:3px solid;background-color:transparent}.elementor-widget-text-editor:not(.elementor-drop-cap-view-default) .elementor-drop-cap{margin-top:8px}.elementor-widget-text-editor:not(.elementor-drop-cap-view-default) .elementor-drop-cap-letter{width:1em;height:1em}.elementor-widget-text-editor .elementor-drop-cap{float:left;text-align:center;line-height:1;font-size:50px}.elementor-widget-text-editor .elementor-drop-cap-letter{display:inline-block}<\/style>\t\t\t\t<!-- wp:heading -->\n<h2>Was finanziert die Hofgemeinschaft?<\/h2>\n<!-- \/wp:heading -->\t\t\t\t\t\t<\/div>\n\t\t\t\t<\/div>\n\t\t\t\t\t<\/div>\n\t\t<\/div>\n\t\t\t\t\t\t\t<\/div>\n\t\t<\/section>\n\t\t\t\t<section class=\"elementor-section elementor-top-section elementor-element elementor-element-4cad42a elementor-section-boxed elementor-section-height-default elementor-section-height-default\" data-id=\"4cad42a\" data-element_type=\"section\">\n\t\t\t\t\t\t<div class=\"elementor-container elementor-column-gap-default\">\n\t\t\t\t\t<div class=\"elementor-column elementor-col-100 elementor-top-column elementor-element elementor-element-fe139d9\" data-id=\"fe139d9\" data-element_type=\"column\">\n\t\t\t<div class=\"elementor-widget-wrap elementor-element-populated\">\n\t\t\t\t\t\t\t\t<section class=\"elementor-section elementor-inner-section elementor-element elementor-element-1f96c96 elementor-section-boxed elementor-section-height-default elementor-section-height-default\" data-id=\"1f96c96\" data-element_type=\"section\">\n\t\t\t\t\t\t<div class=\"elementor-container elementor-column-gap-default\">\n\t\t\t\t\t<div class=\"elementor-column elementor-col-50 elementor-inner-column elementor-element elementor-element-9ac29ba\" data-id=\"9ac29ba\" data-element_type=\"column\">\n\t\t\t<div class=\"elementor-widget-wrap elementor-element-populated\">\n\t\t\t\t\t\t\t\t<div class=\"elementor-element elementor-element-c438145 elementor-widget elementor-widget-text-editor\" data-id=\"c438145\" data-element_type=\"widget\" data-widget_type=\"text-editor.default\">\n\t\t\t\t<div class=\"elementor-widget-container\">\n\t\t\t\t\t\t\t<p>Alle Mitglieder der Hofgemeinschaft finanzieren ca. 70 % der Ausgaben. Das sind alle L\u00f6hne, alle Ausgaben, u.a. f\u00fcr den Kauf des Saatgutes, der Stecklinge, f\u00fcr Strom, Gas, Wasser, f\u00fcr die Maschinen und Ger\u00e4te (Kraftstoff, Reparaturen, ggf. Anschaffungen), Reparaturen am Geb\u00e4ude, kleine Investitionen, Steuer, Grundabgaben, Versicherungen. Au\u00dferdem fallen Kosten f\u00fcr die Rinderhaltung an, da nach dem Demeter-Prinzip die D\u00fcngung f\u00fcr das Gem\u00fcse auf dem Hof entstehen muss.<\/p>\n<p>Die restlichen 30 % der Ausgaben werden durch den Verkauf (Eier, Fleisch, \u00dcbersch\u00fcsse bei der Gem\u00fcseernte) erwirtschaftet.<\/p>\n<p>Die Mitglieder erhalten daf\u00fcr vom Landwirt regionales und \u00f6kologisch einwandfreie Lebensmittel. Das Gem\u00fcse nach den Demeter-Kriterien unterliegt sehr strengen und h\u00e4ufigen Kontrollen.<\/p>\n<p>\u00a0<\/p>\t\t\t\t\t\t<\/div>\n\t\t\t\t<\/div>\n\t\t\t\t<div class=\"elementor-element elementor-element-c69d35b elementor-widget elementor-widget-text-editor\" data-id=\"c69d35b\" data-element_type=\"widget\" data-widget_type=\"text-editor.default\">\n\t\t\t\t<div class=\"elementor-widget-container\">\n\t\t\t\t\t\t\t<p>Der monatliche Beitrag wird nach dem Ampelverfahren mit Richtwert ermittelt. Das hei\u00dft, Rainer und Kathrin legen einen Richtwert fest, den im Durchschnitt alle Mitglieder zahlen m\u00fcssten.<\/p>\t\t\t\t\t\t<\/div>\n\t\t\t\t<\/div>\n\t\t\t\t\t<\/div>\n\t\t<\/div>\n\t\t\t\t<div class=\"elementor-column elementor-col-50 elementor-inner-column elementor-element elementor-element-53b2a20\" data-id=\"53b2a20\" data-element_type=\"column\">\n\t\t\t<div class=\"elementor-widget-wrap elementor-element-populated\">\n\t\t\t\t\t\t\t\t<div class=\"elementor-element elementor-element-926cae2 elementor-widget elementor-widget-text-editor\" data-id=\"926cae2\" data-element_type=\"widget\" data-widget_type=\"text-editor.default\">\n\t\t\t\t<div class=\"elementor-widget-container\">\n\t\t\t\t\t\t\t<p>Bei dem Ampelverfahren gibt es drei Gebote:<\/p>\n<p>Gr\u00fcnes Gebot: &#8222;dieser Beitrag ist f\u00fcr mich gut aufzubringen&#8220;<\/p>\n<p>Gelbes Gebot: &#8222;dieser Beitrag ist schon schwieriger zu leisten, aber f\u00fcr mich noch machbar&#8220;<\/p>\n<p>Rotes Gebot: &#8220; absolute Grenze f\u00fcr meinen Beitrag&#8220;<\/p>\n<p>In der Bieterrunde beurteilt jedes Mitglied selbst, was es f\u00fcr das qualitativ hochwertige Gem\u00fcse zahlen m\u00f6chte. Sch\u00f6n w\u00e4re es, wenn alle Mitglieder im &#8222;gr\u00fcnen Gebot&#8220; den Richtwert zahlen. Manchmal ist dieser Beitrag f\u00fcr Geringverdiener nicht leistbar. Einkommensst\u00e4rkere k\u00f6nnen es durch einen h\u00f6heren Beitrag als den Richtwert erm\u00f6glichen, dass auch Einkommensschw\u00e4chere einen Ernteanteil bekommen k\u00f6nnen.<\/p>\n<p>So versteht sich das Solidarische Prinzip des Hofes.<\/p>\t\t\t\t\t\t<\/div>\n\t\t\t\t<\/div>\n\t\t\t\t\t<\/div>\n\t\t<\/div>\n\t\t\t\t\t\t\t<\/div>\n\t\t<\/section>\n\t\t\t\t\t<\/div>\n\t\t<\/div>\n\t\t\t\t\t\t\t<\/div>\n\t\t<\/section>\n\t\t\t\t\t\t\t<\/div>\n\t\t","protected":false},"excerpt":{"rendered":"<p>Was finanziert die Hofgemeinschaft? Alle Mitglieder der Hofgemeinschaft finanzieren ca. 70 % der Ausgaben. Das sind alle L\u00f6hne, alle Ausgaben, u.a. f\u00fcr den Kauf des Saatgutes, der Stecklinge, f\u00fcr Strom, Gas, Wasser, f\u00fcr die Maschinen und Ger\u00e4te (Kraftstoff, Reparaturen, ggf. Anschaffungen), Reparaturen am Geb\u00e4ude, kleine Investitionen, Steuer, Grundabgaben, Versicherungen. Au\u00dferdem fallen Kosten f\u00fcr die Rinderhaltung an, da nach dem Demeter-Prinzip&#8230;<\/p>\n","protected":false},"author":1,"featured_media":0,"parent":0,"menu_order":0,"comment_status":"closed","ping_status":"closed","template":"page-templates\/full-width-container.php","meta":{"footnotes":""},"class_list":["post-807","page","type-page","status-publish","hentry"],"_links":{"self":[{"href":"https:\/\/www.solidarischer-hof-wybelsum.de\/index.php?rest_route=\/wp\/v2\/pages\/807","targetHints":{"allow":["GET"]}}],"collection":[{"href":"https:\/\/www.solidarischer-hof-wybelsum.de\/index.php?rest_route=\/wp\/v2\/pages"}],"about":[{"href":"https:\/\/www.solidarischer-hof-wybelsum.de\/index.php?rest_route=\/wp\/v2\/types\/page"}],"author":[{"embeddable":true,"href":"https:\/\/www.solidarischer-hof-wybelsum.de\/index.php?rest_route=\/wp\/v2\/users\/1"}],"replies":[{"embeddable":true,"href":"https:\/\/www.solidarischer-hof-wybelsum.de\/index.php?rest_route=%2Fwp%2Fv2%2Fcomments&post=807"}],"version-history":[{"count":7,"href":"https:\/\/www.solidarischer-hof-wybelsum.de\/index.php?rest_route=\/wp\/v2\/pages\/807\/revisions"}],"predecessor-version":[{"id":1641,"href":"https:\/\/www.solidarischer-hof-wybelsum.de\/index.php?rest_route=\/wp\/v2\/pages\/807\/revisions\/1641"}],"wp:attachment":[{"href":"https:\/\/www.solidarischer-hof-wybelsum.de\/index.php?rest_route=%2Fwp%2Fv2%2Fmedia&parent=807"}],"curies":[{"name":"wp","href":"https:\/\/api.w.org\/{rel}","templated":true}]}}