{"id":447,"date":"2022-09-01T21:07:35","date_gmt":"2022-09-01T19:07:35","guid":{"rendered":"http:\/\/localhost\/solilawi\/?page_id=447"},"modified":"2023-06-01T17:44:04","modified_gmt":"2023-06-01T15:44:04","slug":"unsere-ernte","status":"publish","type":"page","link":"https:\/\/www.solidarischer-hof-wybelsum.de\/?page_id=447","title":{"rendered":"Unsere Ernte"},"content":{"rendered":"\t\t<div data-elementor-type=\"wp-page\" data-elementor-id=\"447\" class=\"elementor elementor-447\">\n\t\t\t\t\t\t\t\t\t<section class=\"elementor-section elementor-top-section elementor-element elementor-element-443c1c6 elementor-section-boxed elementor-section-height-default elementor-section-height-default\" data-id=\"443c1c6\" data-element_type=\"section\">\n\t\t\t\t\t\t<div class=\"elementor-container elementor-column-gap-default\">\n\t\t\t\t\t<div class=\"elementor-column elementor-col-100 elementor-top-column elementor-element elementor-element-d5dde5c\" data-id=\"d5dde5c\" data-element_type=\"column\">\n\t\t\t<div class=\"elementor-widget-wrap elementor-element-populated\">\n\t\t\t\t\t\t\t\t<div class=\"elementor-element elementor-element-068c882 elementor-widget elementor-widget-heading\" data-id=\"068c882\" data-element_type=\"widget\" data-widget_type=\"heading.default\">\n\t\t\t\t<div class=\"elementor-widget-container\">\n\t\t\t<style>\/*! elementor - v3.16.0 - 09-10-2023 *\/\n.elementor-heading-title{padding:0;margin:0;line-height:1}.elementor-widget-heading .elementor-heading-title[class*=elementor-size-]>a{color:inherit;font-size:inherit;line-height:inherit}.elementor-widget-heading .elementor-heading-title.elementor-size-small{font-size:15px}.elementor-widget-heading .elementor-heading-title.elementor-size-medium{font-size:19px}.elementor-widget-heading .elementor-heading-title.elementor-size-large{font-size:29px}.elementor-widget-heading .elementor-heading-title.elementor-size-xl{font-size:39px}.elementor-widget-heading .elementor-heading-title.elementor-size-xxl{font-size:59px}<\/style><h2 class=\"elementor-heading-title elementor-size-default\">Unsere Ernte<\/h2>\t\t<\/div>\n\t\t\t\t<\/div>\n\t\t\t\t<div class=\"elementor-element elementor-element-24cf32a elementor-widget elementor-widget-text-editor\" data-id=\"24cf32a\" data-element_type=\"widget\" data-widget_type=\"text-editor.default\">\n\t\t\t\t<div class=\"elementor-widget-container\">\n\t\t\t<style>\/*! elementor - v3.16.0 - 09-10-2023 *\/\n.elementor-widget-text-editor.elementor-drop-cap-view-stacked .elementor-drop-cap{background-color:#69727d;color:#fff}.elementor-widget-text-editor.elementor-drop-cap-view-framed .elementor-drop-cap{color:#69727d;border:3px solid;background-color:transparent}.elementor-widget-text-editor:not(.elementor-drop-cap-view-default) .elementor-drop-cap{margin-top:8px}.elementor-widget-text-editor:not(.elementor-drop-cap-view-default) .elementor-drop-cap-letter{width:1em;height:1em}.elementor-widget-text-editor .elementor-drop-cap{float:left;text-align:center;line-height:1;font-size:50px}.elementor-widget-text-editor .elementor-drop-cap-letter{display:inline-block}<\/style>\t\t\t\t<p>Je nach Saison wird unterschiedliches Obst und Gem\u00fcse geerntet. In diesem Jahr wurden folgende Pflanzen angebaut: M\u00f6hren, Sellerie, Zwiebeln, Porree, Mangold, Spinat, Kohlrabi, Fenchel, Zucchini, Gurken, Tomaten, Paprika, Buschbohnen, Dicke Bohnen, Erbsen, Pastinaken, Topinambur, Rettich, Radieschen, Wurzelpetersilie, Kartoffeln, Rotkohl, Wei\u00dfkohl, Rosenkohl, Blumenkohl, Brokkoli, Bunte Bete, Rote Bete, Steckr\u00fcbe, versch. Salate, Kr\u00e4uter und Getreide.\u00a0 Dazu kommt noch der Futteranbau f\u00fcr die H\u00fchner und Rinder.<\/p>\t\t\t\t\t\t<\/div>\n\t\t\t\t<\/div>\n\t\t\t\t\t<\/div>\n\t\t<\/div>\n\t\t\t\t\t\t\t<\/div>\n\t\t<\/section>\n\t\t\t\t<section class=\"elementor-section elementor-top-section elementor-element elementor-element-310be03 elementor-section-boxed elementor-section-height-default elementor-section-height-default\" data-id=\"310be03\" data-element_type=\"section\">\n\t\t\t\t\t\t<div class=\"elementor-container elementor-column-gap-default\">\n\t\t\t\t\t<div class=\"elementor-column elementor-col-16 elementor-top-column elementor-element elementor-element-5af13b8\" data-id=\"5af13b8\" data-element_type=\"column\">\n\t\t\t<div class=\"elementor-widget-wrap elementor-element-populated\">\n\t\t\t\t\t\t\t\t<div class=\"elementor-element elementor-element-55fdddc elementor-widget elementor-widget-image\" data-id=\"55fdddc\" data-element_type=\"widget\" data-widget_type=\"image.default\">\n\t\t\t\t<div class=\"elementor-widget-container\">\n\t\t\t<style>\/*! elementor - v3.16.0 - 09-10-2023 *\/\n.elementor-widget-image{text-align:center}.elementor-widget-image a{display:inline-block}.elementor-widget-image a img[src$=\".svg\"]{width:48px}.elementor-widget-image img{vertical-align:middle;display:inline-block}<\/style>\t\t\t\t\t\t\t\t\t\t\t\t<img loading=\"lazy\" decoding=\"async\" width=\"640\" height=\"853\" src=\"https:\/\/www.solidarischer-hof-wybelsum.de\/wp-content\/uploads\/2022\/09\/IMG_4712_klein-768x1024.jpg\" class=\"attachment-large size-large wp-image-611\" alt=\"\" srcset=\"https:\/\/www.solidarischer-hof-wybelsum.de\/wp-content\/uploads\/2022\/09\/IMG_4712_klein-768x1024.jpg 768w, https:\/\/www.solidarischer-hof-wybelsum.de\/wp-content\/uploads\/2022\/09\/IMG_4712_klein-225x300.jpg 225w, https:\/\/www.solidarischer-hof-wybelsum.de\/wp-content\/uploads\/2022\/09\/IMG_4712_klein-1152x1536.jpg 1152w, https:\/\/www.solidarischer-hof-wybelsum.de\/wp-content\/uploads\/2022\/09\/IMG_4712_klein-rotated.jpg 1254w\" sizes=\"auto, (max-width: 640px) 100vw, 640px\" \/>\t\t\t\t\t\t\t\t\t\t\t\t\t\t\t<\/div>\n\t\t\t\t<\/div>\n\t\t\t\t\t<\/div>\n\t\t<\/div>\n\t\t\t\t<div class=\"elementor-column elementor-col-16 elementor-top-column elementor-element elementor-element-8a24a8c\" data-id=\"8a24a8c\" data-element_type=\"column\">\n\t\t\t<div class=\"elementor-widget-wrap elementor-element-populated\">\n\t\t\t\t\t\t\t\t<div class=\"elementor-element elementor-element-617586c elementor-widget elementor-widget-image\" data-id=\"617586c\" data-element_type=\"widget\" data-widget_type=\"image.default\">\n\t\t\t\t<div class=\"elementor-widget-container\">\n\t\t\t\t\t\t\t\t\t\t\t\t\t\t\t<img loading=\"lazy\" decoding=\"async\" width=\"443\" height=\"591\" src=\"https:\/\/www.solidarischer-hof-wybelsum.de\/wp-content\/uploads\/2022\/09\/IMG_4867klein-rotated.jpg\" class=\"attachment-medium_large size-medium_large wp-image-832\" alt=\"\" srcset=\"https:\/\/www.solidarischer-hof-wybelsum.de\/wp-content\/uploads\/2022\/09\/IMG_4867klein-rotated.jpg 443w, https:\/\/www.solidarischer-hof-wybelsum.de\/wp-content\/uploads\/2022\/09\/IMG_4867klein-225x300.jpg 225w\" sizes=\"auto, (max-width: 443px) 100vw, 443px\" \/>\t\t\t\t\t\t\t\t\t\t\t\t\t\t\t<\/div>\n\t\t\t\t<\/div>\n\t\t\t\t\t<\/div>\n\t\t<\/div>\n\t\t\t\t<div class=\"elementor-column elementor-col-16 elementor-top-column elementor-element elementor-element-2efe8c6\" data-id=\"2efe8c6\" data-element_type=\"column\">\n\t\t\t<div class=\"elementor-widget-wrap elementor-element-populated\">\n\t\t\t\t\t\t\t\t<div class=\"elementor-element elementor-element-050479f elementor-widget elementor-widget-image\" data-id=\"050479f\" data-element_type=\"widget\" data-widget_type=\"image.default\">\n\t\t\t\t<div class=\"elementor-widget-container\">\n\t\t\t\t\t\t\t\t\t\t\t\t\t\t\t<img loading=\"lazy\" decoding=\"async\" width=\"640\" height=\"853\" src=\"https:\/\/www.solidarischer-hof-wybelsum.de\/wp-content\/uploads\/2022\/09\/IMG_4813klein-768x1024.jpg\" class=\"attachment-large size-large wp-image-700\" alt=\"\" srcset=\"https:\/\/www.solidarischer-hof-wybelsum.de\/wp-content\/uploads\/2022\/09\/IMG_4813klein-768x1024.jpg 768w, https:\/\/www.solidarischer-hof-wybelsum.de\/wp-content\/uploads\/2022\/09\/IMG_4813klein-225x300.jpg 225w, https:\/\/www.solidarischer-hof-wybelsum.de\/wp-content\/uploads\/2022\/09\/IMG_4813klein-1152x1536.jpg 1152w, https:\/\/www.solidarischer-hof-wybelsum.de\/wp-content\/uploads\/2022\/09\/IMG_4813klein-rotated.jpg 1200w\" sizes=\"auto, (max-width: 640px) 100vw, 640px\" \/>\t\t\t\t\t\t\t\t\t\t\t\t\t\t\t<\/div>\n\t\t\t\t<\/div>\n\t\t\t\t\t<\/div>\n\t\t<\/div>\n\t\t\t\t<div class=\"elementor-column elementor-col-16 elementor-top-column elementor-element elementor-element-bd09365\" data-id=\"bd09365\" data-element_type=\"column\">\n\t\t\t<div class=\"elementor-widget-wrap elementor-element-populated\">\n\t\t\t\t\t\t\t\t<div class=\"elementor-element elementor-element-831affc elementor-widget elementor-widget-image\" data-id=\"831affc\" data-element_type=\"widget\" data-widget_type=\"image.default\">\n\t\t\t\t<div class=\"elementor-widget-container\">\n\t\t\t\t\t\t\t\t\t\t\t\t\t\t\t<img loading=\"lazy\" decoding=\"async\" width=\"640\" height=\"853\" src=\"https:\/\/www.solidarischer-hof-wybelsum.de\/wp-content\/uploads\/2022\/09\/signal-2022-09-08-181929_006-768x1024.jpeg\" class=\"attachment-large size-large wp-image-618\" alt=\"\" srcset=\"https:\/\/www.solidarischer-hof-wybelsum.de\/wp-content\/uploads\/2022\/09\/signal-2022-09-08-181929_006-768x1024.jpeg 768w, https:\/\/www.solidarischer-hof-wybelsum.de\/wp-content\/uploads\/2022\/09\/signal-2022-09-08-181929_006-225x300.jpeg 225w, https:\/\/www.solidarischer-hof-wybelsum.de\/wp-content\/uploads\/2022\/09\/signal-2022-09-08-181929_006-1152x1536.jpeg 1152w, https:\/\/www.solidarischer-hof-wybelsum.de\/wp-content\/uploads\/2022\/09\/signal-2022-09-08-181929_006.jpeg 1200w\" sizes=\"auto, (max-width: 640px) 100vw, 640px\" \/>\t\t\t\t\t\t\t\t\t\t\t\t\t\t\t<\/div>\n\t\t\t\t<\/div>\n\t\t\t\t\t<\/div>\n\t\t<\/div>\n\t\t\t\t<div class=\"elementor-column elementor-col-16 elementor-top-column elementor-element elementor-element-429b0a2\" data-id=\"429b0a2\" data-element_type=\"column\">\n\t\t\t<div class=\"elementor-widget-wrap elementor-element-populated\">\n\t\t\t\t\t\t\t\t<div class=\"elementor-element elementor-element-bdd158a elementor-widget elementor-widget-image\" data-id=\"bdd158a\" data-element_type=\"widget\" data-widget_type=\"image.default\">\n\t\t\t\t<div class=\"elementor-widget-container\">\n\t\t\t\t\t\t\t\t\t\t\t\t\t\t\t<img loading=\"lazy\" decoding=\"async\" width=\"640\" height=\"679\" src=\"https:\/\/www.solidarischer-hof-wybelsum.de\/wp-content\/uploads\/2022\/09\/IMG_4792_klein-965x1024.jpg\" class=\"attachment-large size-large wp-image-615\" alt=\"\" srcset=\"https:\/\/www.solidarischer-hof-wybelsum.de\/wp-content\/uploads\/2022\/09\/IMG_4792_klein-965x1024.jpg 965w, https:\/\/www.solidarischer-hof-wybelsum.de\/wp-content\/uploads\/2022\/09\/IMG_4792_klein-283x300.jpg 283w, https:\/\/www.solidarischer-hof-wybelsum.de\/wp-content\/uploads\/2022\/09\/IMG_4792_klein-768x815.jpg 768w, https:\/\/www.solidarischer-hof-wybelsum.de\/wp-content\/uploads\/2022\/09\/IMG_4792_klein.jpg 1254w\" sizes=\"auto, (max-width: 640px) 100vw, 640px\" \/>\t\t\t\t\t\t\t\t\t\t\t\t\t\t\t<\/div>\n\t\t\t\t<\/div>\n\t\t\t\t\t<\/div>\n\t\t<\/div>\n\t\t\t\t<div class=\"elementor-column elementor-col-16 elementor-top-column elementor-element elementor-element-b8d319a\" data-id=\"b8d319a\" data-element_type=\"column\">\n\t\t\t<div class=\"elementor-widget-wrap\">\n\t\t\t\t\t\t\t\t\t<\/div>\n\t\t<\/div>\n\t\t\t\t\t\t\t<\/div>\n\t\t<\/section>\n\t\t\t\t<section class=\"elementor-section elementor-top-section elementor-element elementor-element-794d14b elementor-section-boxed elementor-section-height-default elementor-section-height-default\" data-id=\"794d14b\" data-element_type=\"section\">\n\t\t\t\t\t\t<div class=\"elementor-container elementor-column-gap-default\">\n\t\t\t\t\t<div class=\"elementor-column elementor-col-20 elementor-top-column elementor-element elementor-element-2e5af9b\" data-id=\"2e5af9b\" data-element_type=\"column\">\n\t\t\t<div class=\"elementor-widget-wrap elementor-element-populated\">\n\t\t\t\t\t\t\t\t<div class=\"elementor-element elementor-element-0eb0f2b elementor-widget elementor-widget-image\" data-id=\"0eb0f2b\" data-element_type=\"widget\" data-widget_type=\"image.default\">\n\t\t\t\t<div class=\"elementor-widget-container\">\n\t\t\t\t\t\t\t\t\t\t\t\t\t\t\t<img loading=\"lazy\" decoding=\"async\" width=\"443\" height=\"591\" src=\"https:\/\/www.solidarischer-hof-wybelsum.de\/wp-content\/uploads\/2022\/11\/IMG_0547klein-rotated.jpg\" class=\"attachment-large size-large wp-image-1525\" alt=\"\" srcset=\"https:\/\/www.solidarischer-hof-wybelsum.de\/wp-content\/uploads\/2022\/11\/IMG_0547klein-rotated.jpg 443w, https:\/\/www.solidarischer-hof-wybelsum.de\/wp-content\/uploads\/2022\/11\/IMG_0547klein-225x300.jpg 225w\" sizes=\"auto, (max-width: 443px) 100vw, 443px\" \/>\t\t\t\t\t\t\t\t\t\t\t\t\t\t\t<\/div>\n\t\t\t\t<\/div>\n\t\t\t\t\t<\/div>\n\t\t<\/div>\n\t\t\t\t<div class=\"elementor-column elementor-col-20 elementor-top-column elementor-element elementor-element-31cfd0a\" data-id=\"31cfd0a\" data-element_type=\"column\">\n\t\t\t<div class=\"elementor-widget-wrap elementor-element-populated\">\n\t\t\t\t\t\t\t\t<div class=\"elementor-element elementor-element-38ebdde elementor-widget elementor-widget-text-editor\" data-id=\"38ebdde\" data-element_type=\"widget\" data-widget_type=\"text-editor.default\">\n\t\t\t\t<div class=\"elementor-widget-container\">\n\t\t\t\t\t\t\t<p>Erstmalig in diesem Herbst konnten der Stielmus (R\u00fcbstiel Namenia), Rauke und Rosenkohl geerntet werden.<\/p><p>Der Stielmus kann als Beimischung zum Salat oder auch wie Wirsingkohl verarbeitet werden. Er schmeckt etwas herber.<\/p><p>Der Palmkohl (auch Schwarzkohl, ganz rechts) kann \u00e4hnlich wie Gr\u00fcnkohl zubereitet werden. er schmeckt auch als Pfannengem\u00fcse.<\/p>\t\t\t\t\t\t<\/div>\n\t\t\t\t<\/div>\n\t\t\t\t\t<\/div>\n\t\t<\/div>\n\t\t\t\t<div class=\"elementor-column elementor-col-20 elementor-top-column elementor-element elementor-element-5ff9bda\" data-id=\"5ff9bda\" data-element_type=\"column\">\n\t\t\t<div class=\"elementor-widget-wrap elementor-element-populated\">\n\t\t\t\t\t\t\t\t<div class=\"elementor-element elementor-element-04029d3 elementor-widget elementor-widget-image\" data-id=\"04029d3\" data-element_type=\"widget\" data-widget_type=\"image.default\">\n\t\t\t\t<div class=\"elementor-widget-container\">\n\t\t\t\t\t\t\t\t\t\t\t\t\t\t\t<img loading=\"lazy\" decoding=\"async\" width=\"443\" height=\"591\" src=\"https:\/\/www.solidarischer-hof-wybelsum.de\/wp-content\/uploads\/2022\/11\/IMG_0549klein-rotated.jpg\" class=\"attachment-large size-large wp-image-1527\" alt=\"\" srcset=\"https:\/\/www.solidarischer-hof-wybelsum.de\/wp-content\/uploads\/2022\/11\/IMG_0549klein-rotated.jpg 443w, https:\/\/www.solidarischer-hof-wybelsum.de\/wp-content\/uploads\/2022\/11\/IMG_0549klein-225x300.jpg 225w\" sizes=\"auto, (max-width: 443px) 100vw, 443px\" \/>\t\t\t\t\t\t\t\t\t\t\t\t\t\t\t<\/div>\n\t\t\t\t<\/div>\n\t\t\t\t\t<\/div>\n\t\t<\/div>\n\t\t\t\t<div class=\"elementor-column elementor-col-20 elementor-top-column elementor-element elementor-element-c0faa3e\" data-id=\"c0faa3e\" data-element_type=\"column\">\n\t\t\t<div class=\"elementor-widget-wrap elementor-element-populated\">\n\t\t\t\t\t\t\t\t<div class=\"elementor-element elementor-element-e4d333b elementor-widget elementor-widget-image\" data-id=\"e4d333b\" data-element_type=\"widget\" data-widget_type=\"image.default\">\n\t\t\t\t<div class=\"elementor-widget-container\">\n\t\t\t\t\t\t\t\t\t\t\t\t\t\t\t<img loading=\"lazy\" decoding=\"async\" width=\"443\" height=\"591\" src=\"https:\/\/www.solidarischer-hof-wybelsum.de\/wp-content\/uploads\/2022\/11\/IMG_0550klein-rotated.jpg\" class=\"attachment-large size-large wp-image-1528\" alt=\"\" srcset=\"https:\/\/www.solidarischer-hof-wybelsum.de\/wp-content\/uploads\/2022\/11\/IMG_0550klein-rotated.jpg 443w, https:\/\/www.solidarischer-hof-wybelsum.de\/wp-content\/uploads\/2022\/11\/IMG_0550klein-225x300.jpg 225w\" sizes=\"auto, (max-width: 443px) 100vw, 443px\" \/>\t\t\t\t\t\t\t\t\t\t\t\t\t\t\t<\/div>\n\t\t\t\t<\/div>\n\t\t\t\t\t<\/div>\n\t\t<\/div>\n\t\t\t\t<div class=\"elementor-column elementor-col-20 elementor-top-column elementor-element elementor-element-69f13e4\" data-id=\"69f13e4\" data-element_type=\"column\">\n\t\t\t<div class=\"elementor-widget-wrap elementor-element-populated\">\n\t\t\t\t\t\t\t\t<div class=\"elementor-element elementor-element-4feb49b elementor-widget elementor-widget-image\" data-id=\"4feb49b\" data-element_type=\"widget\" data-widget_type=\"image.default\">\n\t\t\t\t<div class=\"elementor-widget-container\">\n\t\t\t\t\t\t\t\t\t\t\t\t\t\t\t<img loading=\"lazy\" decoding=\"async\" width=\"443\" height=\"591\" src=\"https:\/\/www.solidarischer-hof-wybelsum.de\/wp-content\/uploads\/2022\/11\/IMG_5079klein-rotated.jpg\" class=\"attachment-large size-large wp-image-1573\" alt=\"\" srcset=\"https:\/\/www.solidarischer-hof-wybelsum.de\/wp-content\/uploads\/2022\/11\/IMG_5079klein-rotated.jpg 443w, https:\/\/www.solidarischer-hof-wybelsum.de\/wp-content\/uploads\/2022\/11\/IMG_5079klein-225x300.jpg 225w\" sizes=\"auto, (max-width: 443px) 100vw, 443px\" \/>\t\t\t\t\t\t\t\t\t\t\t\t\t\t\t<\/div>\n\t\t\t\t<\/div>\n\t\t\t\t\t<\/div>\n\t\t<\/div>\n\t\t\t\t\t\t\t<\/div>\n\t\t<\/section>\n\t\t\t\t<section class=\"elementor-section elementor-top-section elementor-element elementor-element-4a68e40 elementor-section-boxed elementor-section-height-default elementor-section-height-default\" data-id=\"4a68e40\" data-element_type=\"section\">\n\t\t\t\t\t\t<div class=\"elementor-container elementor-column-gap-default\">\n\t\t\t\t\t<div class=\"elementor-column elementor-col-100 elementor-top-column elementor-element elementor-element-b11a268\" data-id=\"b11a268\" data-element_type=\"column\">\n\t\t\t<div class=\"elementor-widget-wrap elementor-element-populated\">\n\t\t\t\t\t\t\t\t<div class=\"elementor-element elementor-element-7e3dcf7 elementor-widget elementor-widget-text-editor\" data-id=\"7e3dcf7\" data-element_type=\"widget\" data-widget_type=\"text-editor.default\">\n\t\t\t\t<div class=\"elementor-widget-container\">\n\t\t\t\t\t\t\t\t\t\t\t\t\t<\/div>\n\t\t\t\t<\/div>\n\t\t\t\t<div class=\"elementor-element elementor-element-619e744 elementor-widget elementor-widget-text-editor\" data-id=\"619e744\" data-element_type=\"widget\" data-widget_type=\"text-editor.default\">\n\t\t\t\t<div class=\"elementor-widget-container\">\n\t\t\t\t\t\t\t<p>Wenn das Wintergem\u00fcse fast aufgebraucht ist und auf dem Freiland die Jungpflanzen noch wachsen m\u00fcssen, ist es mit der Ernte immer sehr knapp. Im\u00a0 Gew\u00e4chshaus helfen Salate \u00fcber diese Zeit hinweg: Asiasalat, Sauerampfer, Postelein und Feldsalat wachsen auch in der kalten Jahreszeit unter dem sch\u00fctzenden Dach eines Gew\u00e4chshauses.<\/p>\t\t\t\t\t\t<\/div>\n\t\t\t\t<\/div>\n\t\t\t\t\t<\/div>\n\t\t<\/div>\n\t\t\t\t\t\t\t<\/div>\n\t\t<\/section>\n\t\t\t\t<section class=\"elementor-section elementor-top-section elementor-element elementor-element-bdd34fc elementor-section-boxed elementor-section-height-default elementor-section-height-default\" data-id=\"bdd34fc\" data-element_type=\"section\">\n\t\t\t\t\t\t<div class=\"elementor-container elementor-column-gap-default\">\n\t\t\t\t\t<div class=\"elementor-column elementor-col-25 elementor-top-column elementor-element elementor-element-9980108\" data-id=\"9980108\" data-element_type=\"column\">\n\t\t\t<div class=\"elementor-widget-wrap elementor-element-populated\">\n\t\t\t\t\t\t\t\t<div class=\"elementor-element elementor-element-3fa8d6d elementor-widget elementor-widget-image\" data-id=\"3fa8d6d\" data-element_type=\"widget\" data-widget_type=\"image.default\">\n\t\t\t\t<div class=\"elementor-widget-container\">\n\t\t\t\t\t\t\t\t\t\t\t\t\t\t\t<img loading=\"lazy\" decoding=\"async\" width=\"640\" height=\"853\" src=\"https:\/\/www.solidarischer-hof-wybelsum.de\/wp-content\/uploads\/2023\/05\/IMG_5494klein-768x1024.jpg\" class=\"attachment-large size-large wp-image-2123\" alt=\"\" srcset=\"https:\/\/www.solidarischer-hof-wybelsum.de\/wp-content\/uploads\/2023\/05\/IMG_5494klein-768x1024.jpg 768w, https:\/\/www.solidarischer-hof-wybelsum.de\/wp-content\/uploads\/2023\/05\/IMG_5494klein-225x300.jpg 225w, https:\/\/www.solidarischer-hof-wybelsum.de\/wp-content\/uploads\/2023\/05\/IMG_5494klein-1152x1536.jpg 1152w, https:\/\/www.solidarischer-hof-wybelsum.de\/wp-content\/uploads\/2023\/05\/IMG_5494klein-1536x2048.jpg 1536w, https:\/\/www.solidarischer-hof-wybelsum.de\/wp-content\/uploads\/2023\/05\/IMG_5494klein-scaled.jpg 1920w\" sizes=\"auto, (max-width: 640px) 100vw, 640px\" \/>\t\t\t\t\t\t\t\t\t\t\t\t\t\t\t<\/div>\n\t\t\t\t<\/div>\n\t\t\t\t\t<\/div>\n\t\t<\/div>\n\t\t\t\t<div class=\"elementor-column elementor-col-25 elementor-top-column elementor-element elementor-element-03013a4\" data-id=\"03013a4\" data-element_type=\"column\">\n\t\t\t<div class=\"elementor-widget-wrap elementor-element-populated\">\n\t\t\t\t\t\t\t\t<div class=\"elementor-element elementor-element-753f9e7 elementor-widget elementor-widget-image\" data-id=\"753f9e7\" data-element_type=\"widget\" data-widget_type=\"image.default\">\n\t\t\t\t<div class=\"elementor-widget-container\">\n\t\t\t\t\t\t\t\t\t\t\t\t\t\t\t<img loading=\"lazy\" decoding=\"async\" width=\"640\" height=\"480\" src=\"https:\/\/www.solidarischer-hof-wybelsum.de\/wp-content\/uploads\/2023\/05\/IMG_5493klein-1024x768.jpg\" class=\"attachment-large size-large wp-image-2122\" alt=\"\" srcset=\"https:\/\/www.solidarischer-hof-wybelsum.de\/wp-content\/uploads\/2023\/05\/IMG_5493klein-1024x768.jpg 1024w, https:\/\/www.solidarischer-hof-wybelsum.de\/wp-content\/uploads\/2023\/05\/IMG_5493klein-300x225.jpg 300w, https:\/\/www.solidarischer-hof-wybelsum.de\/wp-content\/uploads\/2023\/05\/IMG_5493klein-768x576.jpg 768w, https:\/\/www.solidarischer-hof-wybelsum.de\/wp-content\/uploads\/2023\/05\/IMG_5493klein-1536x1152.jpg 1536w, https:\/\/www.solidarischer-hof-wybelsum.de\/wp-content\/uploads\/2023\/05\/IMG_5493klein-2048x1536.jpg 2048w\" sizes=\"auto, (max-width: 640px) 100vw, 640px\" \/>\t\t\t\t\t\t\t\t\t\t\t\t\t\t\t<\/div>\n\t\t\t\t<\/div>\n\t\t\t\t\t<\/div>\n\t\t<\/div>\n\t\t\t\t<div class=\"elementor-column elementor-col-25 elementor-top-column elementor-element elementor-element-319a652\" data-id=\"319a652\" data-element_type=\"column\">\n\t\t\t<div class=\"elementor-widget-wrap elementor-element-populated\">\n\t\t\t\t\t\t\t\t<div class=\"elementor-element elementor-element-ccd91e5 elementor-widget elementor-widget-image\" data-id=\"ccd91e5\" data-element_type=\"widget\" data-widget_type=\"image.default\">\n\t\t\t\t<div class=\"elementor-widget-container\">\n\t\t\t\t\t\t\t\t\t\t\t\t\t\t\t<img loading=\"lazy\" decoding=\"async\" width=\"640\" height=\"480\" src=\"https:\/\/www.solidarischer-hof-wybelsum.de\/wp-content\/uploads\/2023\/05\/IMG_5492klein-1024x768.jpg\" class=\"attachment-large size-large wp-image-2121\" alt=\"\" srcset=\"https:\/\/www.solidarischer-hof-wybelsum.de\/wp-content\/uploads\/2023\/05\/IMG_5492klein-1024x768.jpg 1024w, https:\/\/www.solidarischer-hof-wybelsum.de\/wp-content\/uploads\/2023\/05\/IMG_5492klein-300x225.jpg 300w, https:\/\/www.solidarischer-hof-wybelsum.de\/wp-content\/uploads\/2023\/05\/IMG_5492klein-768x576.jpg 768w, https:\/\/www.solidarischer-hof-wybelsum.de\/wp-content\/uploads\/2023\/05\/IMG_5492klein-1536x1152.jpg 1536w, https:\/\/www.solidarischer-hof-wybelsum.de\/wp-content\/uploads\/2023\/05\/IMG_5492klein-2048x1536.jpg 2048w\" sizes=\"auto, (max-width: 640px) 100vw, 640px\" \/>\t\t\t\t\t\t\t\t\t\t\t\t\t\t\t<\/div>\n\t\t\t\t<\/div>\n\t\t\t\t\t<\/div>\n\t\t<\/div>\n\t\t\t\t<div class=\"elementor-column elementor-col-25 elementor-top-column elementor-element elementor-element-5efba14\" data-id=\"5efba14\" data-element_type=\"column\">\n\t\t\t<div class=\"elementor-widget-wrap elementor-element-populated\">\n\t\t\t\t\t\t\t\t<div class=\"elementor-element elementor-element-e6901c1 elementor-widget elementor-widget-image\" data-id=\"e6901c1\" data-element_type=\"widget\" data-widget_type=\"image.default\">\n\t\t\t\t<div class=\"elementor-widget-container\">\n\t\t\t\t\t\t\t\t\t\t\t\t\t\t\t<img loading=\"lazy\" decoding=\"async\" width=\"640\" height=\"853\" src=\"https:\/\/www.solidarischer-hof-wybelsum.de\/wp-content\/uploads\/2023\/05\/IMG_5495klein-768x1024.jpg\" class=\"attachment-large size-large wp-image-2124\" alt=\"\" srcset=\"https:\/\/www.solidarischer-hof-wybelsum.de\/wp-content\/uploads\/2023\/05\/IMG_5495klein-768x1024.jpg 768w, https:\/\/www.solidarischer-hof-wybelsum.de\/wp-content\/uploads\/2023\/05\/IMG_5495klein-225x300.jpg 225w, https:\/\/www.solidarischer-hof-wybelsum.de\/wp-content\/uploads\/2023\/05\/IMG_5495klein-1152x1536.jpg 1152w, https:\/\/www.solidarischer-hof-wybelsum.de\/wp-content\/uploads\/2023\/05\/IMG_5495klein-1536x2048.jpg 1536w, https:\/\/www.solidarischer-hof-wybelsum.de\/wp-content\/uploads\/2023\/05\/IMG_5495klein-scaled.jpg 1920w\" sizes=\"auto, (max-width: 640px) 100vw, 640px\" \/>\t\t\t\t\t\t\t\t\t\t\t\t\t\t\t<\/div>\n\t\t\t\t<\/div>\n\t\t\t\t\t<\/div>\n\t\t<\/div>\n\t\t\t\t\t\t\t<\/div>\n\t\t<\/section>\n\t\t\t\t<section class=\"elementor-section elementor-top-section elementor-element elementor-element-0c784aa elementor-section-boxed elementor-section-height-default elementor-section-height-default\" data-id=\"0c784aa\" data-element_type=\"section\">\n\t\t\t\t\t\t<div class=\"elementor-container elementor-column-gap-default\">\n\t\t\t\t\t<div class=\"elementor-column elementor-col-100 elementor-top-column elementor-element elementor-element-5639de3\" data-id=\"5639de3\" data-element_type=\"column\">\n\t\t\t<div class=\"elementor-widget-wrap elementor-element-populated\">\n\t\t\t\t\t\t\t\t<div class=\"elementor-element elementor-element-2364ded elementor-widget elementor-widget-text-editor\" data-id=\"2364ded\" data-element_type=\"widget\" data-widget_type=\"text-editor.default\">\n\t\t\t\t<div class=\"elementor-widget-container\">\n\t\t\t\t\t\t\t<p>Im Mai sind viele Jungpflanzen vom Anzuchtgew\u00e4chshaus\u00a0 auf dem Feld gekommen.\u00a0 Die Fr\u00fchkartoffeln, Zwiebeln und Salate wachsen nun drau\u00dfen. Der frei gewordene Platz im Anzuchtgew\u00e4chshaus wird nun f\u00fcr die Aussaat von verschiedenen Kohlsorten genutzt. Nat\u00fcrlich sind die Tomaten, Gurken und Auberginen auch schon in den Gew\u00e4chsh\u00e4usern.<\/p>\t\t\t\t\t\t<\/div>\n\t\t\t\t<\/div>\n\t\t\t\t\t<\/div>\n\t\t<\/div>\n\t\t\t\t\t\t\t<\/div>\n\t\t<\/section>\n\t\t\t\t<section class=\"elementor-section elementor-top-section elementor-element elementor-element-c6f5450 elementor-section-boxed elementor-section-height-default elementor-section-height-default\" data-id=\"c6f5450\" data-element_type=\"section\">\n\t\t\t\t\t\t<div class=\"elementor-container elementor-column-gap-default\">\n\t\t\t\t\t<div class=\"elementor-column elementor-col-16 elementor-top-column elementor-element elementor-element-015cb5c\" data-id=\"015cb5c\" data-element_type=\"column\">\n\t\t\t<div class=\"elementor-widget-wrap elementor-element-populated\">\n\t\t\t\t\t\t\t\t<div class=\"elementor-element elementor-element-423a8a9 elementor-widget elementor-widget-image\" data-id=\"423a8a9\" data-element_type=\"widget\" data-widget_type=\"image.default\">\n\t\t\t\t<div class=\"elementor-widget-container\">\n\t\t\t\t\t\t\t\t\t\t\t\t\t\t\t<img loading=\"lazy\" decoding=\"async\" width=\"640\" height=\"853\" src=\"https:\/\/www.solidarischer-hof-wybelsum.de\/wp-content\/uploads\/2023\/06\/IMG_5572-768x1024.jpg\" class=\"attachment-large size-large wp-image-2251\" alt=\"\" srcset=\"https:\/\/www.solidarischer-hof-wybelsum.de\/wp-content\/uploads\/2023\/06\/IMG_5572-768x1024.jpg 768w, https:\/\/www.solidarischer-hof-wybelsum.de\/wp-content\/uploads\/2023\/06\/IMG_5572-225x300.jpg 225w, https:\/\/www.solidarischer-hof-wybelsum.de\/wp-content\/uploads\/2023\/06\/IMG_5572-1152x1536.jpg 1152w, https:\/\/www.solidarischer-hof-wybelsum.de\/wp-content\/uploads\/2023\/06\/IMG_5572.jpg 1200w\" sizes=\"auto, (max-width: 640px) 100vw, 640px\" \/>\t\t\t\t\t\t\t\t\t\t\t\t\t\t\t<\/div>\n\t\t\t\t<\/div>\n\t\t\t\t\t<\/div>\n\t\t<\/div>\n\t\t\t\t<div class=\"elementor-column elementor-col-16 elementor-top-column elementor-element elementor-element-22dd445\" data-id=\"22dd445\" data-element_type=\"column\">\n\t\t\t<div class=\"elementor-widget-wrap elementor-element-populated\">\n\t\t\t\t\t\t\t\t<div class=\"elementor-element elementor-element-26041c0 elementor-widget elementor-widget-image\" data-id=\"26041c0\" data-element_type=\"widget\" data-widget_type=\"image.default\">\n\t\t\t\t<div class=\"elementor-widget-container\">\n\t\t\t\t\t\t\t\t\t\t\t\t\t\t\t<img loading=\"lazy\" decoding=\"async\" width=\"640\" height=\"853\" src=\"https:\/\/www.solidarischer-hof-wybelsum.de\/wp-content\/uploads\/2023\/06\/IMG_5570kleinZwiebelnMai23-1-768x1024.jpg\" class=\"attachment-large size-large wp-image-2249\" alt=\"\" srcset=\"https:\/\/www.solidarischer-hof-wybelsum.de\/wp-content\/uploads\/2023\/06\/IMG_5570kleinZwiebelnMai23-1-768x1024.jpg 768w, https:\/\/www.solidarischer-hof-wybelsum.de\/wp-content\/uploads\/2023\/06\/IMG_5570kleinZwiebelnMai23-1-225x300.jpg 225w, https:\/\/www.solidarischer-hof-wybelsum.de\/wp-content\/uploads\/2023\/06\/IMG_5570kleinZwiebelnMai23-1-1152x1536.jpg 1152w, https:\/\/www.solidarischer-hof-wybelsum.de\/wp-content\/uploads\/2023\/06\/IMG_5570kleinZwiebelnMai23-1.jpg 1200w\" sizes=\"auto, (max-width: 640px) 100vw, 640px\" \/>\t\t\t\t\t\t\t\t\t\t\t\t\t\t\t<\/div>\n\t\t\t\t<\/div>\n\t\t\t\t\t<\/div>\n\t\t<\/div>\n\t\t\t\t<div class=\"elementor-column elementor-col-16 elementor-top-column elementor-element elementor-element-9502bfc\" data-id=\"9502bfc\" data-element_type=\"column\">\n\t\t\t<div class=\"elementor-widget-wrap elementor-element-populated\">\n\t\t\t\t\t\t\t\t<div class=\"elementor-element elementor-element-8ec9c15 elementor-widget elementor-widget-image\" data-id=\"8ec9c15\" data-element_type=\"widget\" data-widget_type=\"image.default\">\n\t\t\t\t<div class=\"elementor-widget-container\">\n\t\t\t\t\t\t\t\t\t\t\t\t\t\t\t<img loading=\"lazy\" decoding=\"async\" width=\"640\" height=\"853\" src=\"https:\/\/www.solidarischer-hof-wybelsum.de\/wp-content\/uploads\/2023\/05\/IMG_5498klein-768x1024.jpg\" class=\"attachment-large size-large wp-image-2126\" alt=\"\" srcset=\"https:\/\/www.solidarischer-hof-wybelsum.de\/wp-content\/uploads\/2023\/05\/IMG_5498klein-768x1024.jpg 768w, https:\/\/www.solidarischer-hof-wybelsum.de\/wp-content\/uploads\/2023\/05\/IMG_5498klein-225x300.jpg 225w, https:\/\/www.solidarischer-hof-wybelsum.de\/wp-content\/uploads\/2023\/05\/IMG_5498klein-1152x1536.jpg 1152w, https:\/\/www.solidarischer-hof-wybelsum.de\/wp-content\/uploads\/2023\/05\/IMG_5498klein-1536x2048.jpg 1536w, https:\/\/www.solidarischer-hof-wybelsum.de\/wp-content\/uploads\/2023\/05\/IMG_5498klein-scaled.jpg 1920w\" sizes=\"auto, (max-width: 640px) 100vw, 640px\" \/>\t\t\t\t\t\t\t\t\t\t\t\t\t\t\t<\/div>\n\t\t\t\t<\/div>\n\t\t\t\t\t<\/div>\n\t\t<\/div>\n\t\t\t\t<div class=\"elementor-column elementor-col-16 elementor-top-column elementor-element elementor-element-2dc3d24\" data-id=\"2dc3d24\" data-element_type=\"column\">\n\t\t\t<div class=\"elementor-widget-wrap elementor-element-populated\">\n\t\t\t\t\t\t\t\t<div class=\"elementor-element elementor-element-2662da4 elementor-widget elementor-widget-image\" data-id=\"2662da4\" data-element_type=\"widget\" data-widget_type=\"image.default\">\n\t\t\t\t<div class=\"elementor-widget-container\">\n\t\t\t\t\t\t\t\t\t\t\t\t\t\t\t<img loading=\"lazy\" decoding=\"async\" width=\"640\" height=\"853\" src=\"https:\/\/www.solidarischer-hof-wybelsum.de\/wp-content\/uploads\/2023\/06\/IMG_5568kleinTomateMai23-768x1024.jpg\" class=\"attachment-large size-large wp-image-2243\" alt=\"\" srcset=\"https:\/\/www.solidarischer-hof-wybelsum.de\/wp-content\/uploads\/2023\/06\/IMG_5568kleinTomateMai23-768x1024.jpg 768w, https:\/\/www.solidarischer-hof-wybelsum.de\/wp-content\/uploads\/2023\/06\/IMG_5568kleinTomateMai23-225x300.jpg 225w, https:\/\/www.solidarischer-hof-wybelsum.de\/wp-content\/uploads\/2023\/06\/IMG_5568kleinTomateMai23-1152x1536.jpg 1152w, https:\/\/www.solidarischer-hof-wybelsum.de\/wp-content\/uploads\/2023\/06\/IMG_5568kleinTomateMai23.jpg 1200w\" sizes=\"auto, (max-width: 640px) 100vw, 640px\" \/>\t\t\t\t\t\t\t\t\t\t\t\t\t\t\t<\/div>\n\t\t\t\t<\/div>\n\t\t\t\t\t<\/div>\n\t\t<\/div>\n\t\t\t\t<div class=\"elementor-column elementor-col-16 elementor-top-column elementor-element elementor-element-a82bf8c\" data-id=\"a82bf8c\" data-element_type=\"column\">\n\t\t\t<div class=\"elementor-widget-wrap elementor-element-populated\">\n\t\t\t\t\t\t\t\t<div class=\"elementor-element elementor-element-2a62e56 elementor-widget elementor-widget-image\" data-id=\"2a62e56\" data-element_type=\"widget\" data-widget_type=\"image.default\">\n\t\t\t\t<div class=\"elementor-widget-container\">\n\t\t\t\t\t\t\t\t\t\t\t\t\t\t\t<img loading=\"lazy\" decoding=\"async\" width=\"640\" height=\"853\" src=\"https:\/\/www.solidarischer-hof-wybelsum.de\/wp-content\/uploads\/2023\/06\/IMG_5565KleinKohlMai23-768x1024.jpg\" class=\"attachment-large size-large wp-image-2241\" alt=\"\" srcset=\"https:\/\/www.solidarischer-hof-wybelsum.de\/wp-content\/uploads\/2023\/06\/IMG_5565KleinKohlMai23-768x1024.jpg 768w, https:\/\/www.solidarischer-hof-wybelsum.de\/wp-content\/uploads\/2023\/06\/IMG_5565KleinKohlMai23-225x300.jpg 225w, https:\/\/www.solidarischer-hof-wybelsum.de\/wp-content\/uploads\/2023\/06\/IMG_5565KleinKohlMai23-1152x1536.jpg 1152w, https:\/\/www.solidarischer-hof-wybelsum.de\/wp-content\/uploads\/2023\/06\/IMG_5565KleinKohlMai23.jpg 1200w\" sizes=\"auto, (max-width: 640px) 100vw, 640px\" \/>\t\t\t\t\t\t\t\t\t\t\t\t\t\t\t<\/div>\n\t\t\t\t<\/div>\n\t\t\t\t\t<\/div>\n\t\t<\/div>\n\t\t\t\t<div class=\"elementor-column elementor-col-16 elementor-top-column elementor-element elementor-element-aabc07f\" data-id=\"aabc07f\" data-element_type=\"column\">\n\t\t\t<div class=\"elementor-widget-wrap elementor-element-populated\">\n\t\t\t\t\t\t\t\t<div class=\"elementor-element elementor-element-1cdf1e6 elementor-widget elementor-widget-image\" data-id=\"1cdf1e6\" data-element_type=\"widget\" data-widget_type=\"image.default\">\n\t\t\t\t<div class=\"elementor-widget-container\">\n\t\t\t\t\t\t\t\t\t\t\t\t\t\t\t<img loading=\"lazy\" decoding=\"async\" width=\"640\" height=\"853\" src=\"https:\/\/www.solidarischer-hof-wybelsum.de\/wp-content\/uploads\/2023\/06\/IMG_5566kleinKraeuterMai23-768x1024.jpg\" class=\"attachment-large size-large wp-image-2242\" alt=\"\" srcset=\"https:\/\/www.solidarischer-hof-wybelsum.de\/wp-content\/uploads\/2023\/06\/IMG_5566kleinKraeuterMai23-768x1024.jpg 768w, https:\/\/www.solidarischer-hof-wybelsum.de\/wp-content\/uploads\/2023\/06\/IMG_5566kleinKraeuterMai23-225x300.jpg 225w, https:\/\/www.solidarischer-hof-wybelsum.de\/wp-content\/uploads\/2023\/06\/IMG_5566kleinKraeuterMai23-1152x1536.jpg 1152w, https:\/\/www.solidarischer-hof-wybelsum.de\/wp-content\/uploads\/2023\/06\/IMG_5566kleinKraeuterMai23.jpg 1200w\" sizes=\"auto, (max-width: 640px) 100vw, 640px\" \/>\t\t\t\t\t\t\t\t\t\t\t\t\t\t\t<\/div>\n\t\t\t\t<\/div>\n\t\t\t\t\t<\/div>\n\t\t<\/div>\n\t\t\t\t\t\t\t<\/div>\n\t\t<\/section>\n\t\t\t\t\t\t\t<\/div>\n\t\t","protected":false},"excerpt":{"rendered":"<p>Unsere Ernte Je nach Saison wird unterschiedliches Obst und Gem\u00fcse geerntet. In diesem Jahr wurden folgende Pflanzen angebaut: M\u00f6hren, Sellerie, Zwiebeln, Porree, Mangold, Spinat, Kohlrabi, Fenchel, Zucchini, Gurken, Tomaten, Paprika, Buschbohnen, Dicke Bohnen, Erbsen, Pastinaken, Topinambur, Rettich, Radieschen, Wurzelpetersilie, Kartoffeln, Rotkohl, Wei\u00dfkohl, Rosenkohl, Blumenkohl, Brokkoli, Bunte Bete, Rote Bete, Steckr\u00fcbe, versch. Salate, Kr\u00e4uter und Getreide.\u00a0 Dazu kommt noch der Futteranbau&#8230;<\/p>\n","protected":false},"author":1,"featured_media":0,"parent":0,"menu_order":0,"comment_status":"closed","ping_status":"closed","template":"page-templates\/full-width-container.php","meta":{"footnotes":""},"class_list":["post-447","page","type-page","status-publish","hentry"],"_links":{"self":[{"href":"https:\/\/www.solidarischer-hof-wybelsum.de\/index.php?rest_route=\/wp\/v2\/pages\/447","targetHints":{"allow":["GET"]}}],"collection":[{"href":"https:\/\/www.solidarischer-hof-wybelsum.de\/index.php?rest_route=\/wp\/v2\/pages"}],"about":[{"href":"https:\/\/www.solidarischer-hof-wybelsum.de\/index.php?rest_route=\/wp\/v2\/types\/page"}],"author":[{"embeddable":true,"href":"https:\/\/www.solidarischer-hof-wybelsum.de\/index.php?rest_route=\/wp\/v2\/users\/1"}],"replies":[{"embeddable":true,"href":"https:\/\/www.solidarischer-hof-wybelsum.de\/index.php?rest_route=%2Fwp%2Fv2%2Fcomments&post=447"}],"version-history":[{"count":93,"href":"https:\/\/www.solidarischer-hof-wybelsum.de\/index.php?rest_route=\/wp\/v2\/pages\/447\/revisions"}],"predecessor-version":[{"id":2255,"href":"https:\/\/www.solidarischer-hof-wybelsum.de\/index.php?rest_route=\/wp\/v2\/pages\/447\/revisions\/2255"}],"wp:attachment":[{"href":"https:\/\/www.solidarischer-hof-wybelsum.de\/index.php?rest_route=%2Fwp%2Fv2%2Fmedia&parent=447"}],"curies":[{"name":"wp","href":"https:\/\/api.w.org\/{rel}","templated":true}]}}